{"id":95005,"date":"2024-06-05T15:37:51","date_gmt":"2024-06-05T12:37:51","guid":{"rendered":"https:\/\/www.lilleliis.com\/?page_id=95005"},"modified":"2025-10-03T12:36:35","modified_gmt":"2025-10-03T09:36:35","slug":"imeline-nukumaailm","status":"publish","type":"page","link":"https:\/\/www.lilleliis.com\/et\/kasitooraamatud\/imeline-nukumaailm\/","title":{"rendered":"Imeline nukumaailm"},"content":{"rendered":"\n\t<section class=\"section\" id=\"section_1821214460\">\n\t\t<div class=\"section-bg fill\" >\n\t\t\t\t\t\t\t\t\t<div class=\"section-bg-overlay absolute fill\"><\/div>\n\t\t\t\n\n\t\t<\/div>\n\n\t\t\n\n\t\t<div class=\"section-content relative\">\n\t\t\t\n<div class=\"row row-large align-middle\"  id=\"row-1086586392\">\n\n\t<div id=\"col-1893199351\" class=\"col medium-6 small-12 large-6\"  >\n\t\t\t\t<div class=\"col-inner\"  >\n\t\t\t\n\t\t\t\n\t<div class=\"img has-hover x md-x lg-x y md-y lg-y\" id=\"image_1849694039\">\n\t\t\t\t\t\t\t\t<div class=\"img-inner dark\" >\n\t\t\t<img loading=\"lazy\" decoding=\"async\" width=\"595\" height=\"800\" src=\"https:\/\/www.lilleliis.com\/wp-content\/uploads\/2019\/10\/Imeline-nukumaailm-raamat-595x800.jpg\" class=\"attachment-large size-large\" alt=\"Imeline nukumaailm raamat\" srcset=\"https:\/\/www.lilleliis.com\/wp-content\/uploads\/2019\/10\/Imeline-nukumaailm-raamat-595x800.jpg 595w, https:\/\/www.lilleliis.com\/wp-content\/uploads\/2019\/10\/Imeline-nukumaailm-raamat-297x400.jpg 297w, https:\/\/www.lilleliis.com\/wp-content\/uploads\/2019\/10\/Imeline-nukumaailm-raamat-768x1033.jpg 768w, https:\/\/www.lilleliis.com\/wp-content\/uploads\/2019\/10\/Imeline-nukumaailm-raamat-510x686.jpg 510w, https:\/\/www.lilleliis.com\/wp-content\/uploads\/2019\/10\/Imeline-nukumaailm-raamat.jpg 952w\" sizes=\"auto, (max-width: 595px) 100vw, 595px\" \/>\t\t\t\t\t\t\n\t\t\t\t\t<\/div>\n\t\t\t\t\t\t\t\t\n<style>\n#image_1849694039 {\n  width: 100%;\n}\n<\/style>\n\t<\/div>\n\t\n\t\t<\/div>\n\t\t\t\t\t<\/div>\n\n\t\n\n\t<div id=\"col-666038084\" class=\"col medium-6 small-12 large-6\"  >\n\t\t\t\t<div class=\"col-inner text-left\"  >\n\t\t\t\n\t\t\t\n<h2>K\u00e4sit\u00f6\u00f6raamat &#8220;Imeline nukumaailm&#8221;<\/h2>\n<h3>15 amigurumi tehnikas heegeldatud nukku<\/h3>\n\t<div id=\"gap-819633304\" class=\"gap-element clearfix\" style=\"display:block; height:auto;\">\n\t\t\n<style>\n#gap-819633304 {\n  padding-top: 30px;\n}\n<\/style>\n\t<\/div>\n\t\n<p><span data-text-color=\"secondary\"><strong>RAAMAT ON L\u00c4BIM\u00dc\u00dcDUD!<\/strong><\/span><\/p>\n<\/p>\n<p>Isetehtud nukud ei ole lihtsalt nukud, vaid k\u00e4tkevad endas midagi palju enamat. Nad justkui peegeldaksid maailma, milles me elame, ja inimesi, keda tunneme. Nukkudel on oma iseloom ja lugu. Oma k\u00e4te ja s\u00fcdame kaudu j\u00e4tad igasse heegeldatud nukusse ka t\u00fckikese iseendast ja seel\u00e4bi lood maailma erilisemaks paigaks.<\/p>\n<p>Raamatus &#8220;Imeline nukumaailm&#8221; on 15 amigurumi tehnikas heegeldatud nukku, mis on inspiratsiooni saanud inimestest meie \u00fcmber. M\u00f5ned neist on justkui p\u00e4ris lapsed, kellega sinu lapsed samastuda saavad, teised on aga fantaasiaga v\u00fcrtsitatud ja meenutavad pigem muinasjututegelasi. Kui loed nende lugusid, tunned neis kindlasti \u00e4ra nii iseennast kui oma l\u00e4hedasi.<\/p>\n<p>\u201eImeline nukumaailm\u201c on autori kolmas raamat, eelnevalt on ilmunud \u201cV\u00f5luv\u00e4ega m\u00e4nguasjad\u201d (2014) ja \u201cKaisuloomakirg\u201d (2016).<\/p>\n\t\t<\/div>\n\t\t\t\t\t<\/div>\n\n\t\n<\/div>\n<div class=\"text-center\"><div class=\"is-divider divider clearfix\" style=\"max-width:1000px;height:1px;\"><\/div><\/div>\n<p>Autor Mari-Liis Lille<\/p>\n<p>Fotod Annika Metsla<\/p>\n<p>Varrak 2019<\/p>\n\t\t<\/div>\n\n\t\t\n<style>\n#section_1821214460 {\n  padding-top: 60px;\n  padding-bottom: 60px;\n  background-color: rgb(193, 193, 193);\n}\n#section_1821214460 .section-bg-overlay {\n  background-color: rgba(255, 255, 255, 0.85);\n}\n<\/style>\n\t<\/section>\n\t\n\t<div id=\"gap-1381934697\" class=\"gap-element clearfix\" style=\"display:block; height:auto;\">\n\t\t\n<style>\n#gap-1381934697 {\n  padding-top: 30px;\n}\n<\/style>\n\t<\/div>\n\t\n<h2 style=\"text-align: center;\">TUTVU RAAMATU TEGELASTEGA<\/h2>\n\t<div id=\"gap-996837781\" class=\"gap-element clearfix\" style=\"display:block; height:auto;\">\n\t\t\n<style>\n#gap-996837781 {\n  padding-top: 20px;\n}\n<\/style>\n\t<\/div>\n\t\n<div id=\"portfolio-910891745\" class=\"portfolio-element-wrapper has-filtering\">\n  \n    <div class=\"row large-columns-4 medium-columns-3 small-columns-2 row-small\" >\n    <div class=\"col\" data-terms=\"[&quot;Raamat \"Imeline nukumaailm\"&quot;]\" >\n          <div class=\"col-inner\" >\n          <a href=\"https:\/\/www.lilleliis.com\/et\/featured_item\/arabella-ja-bianka\/\" class=\"plain \">\n          <div class=\"portfolio-box box has-hover\">\n            <div class=\"box-image\" >\n                <div class=\"image-cover\" style=\"padding-top:100%;\">\n                <img loading=\"lazy\" decoding=\"async\" width=\"400\" height=\"400\" src=\"https:\/\/www.lilleliis.com\/wp-content\/uploads\/2019\/09\/arabella-and-bianka-400x400.jpg\" class=\"attachment-medium size-medium\" alt=\"arabella and bianka\" srcset=\"https:\/\/www.lilleliis.com\/wp-content\/uploads\/2019\/09\/arabella-and-bianka-400x400.jpg 400w, https:\/\/www.lilleliis.com\/wp-content\/uploads\/2019\/09\/arabella-and-bianka-280x280.jpg 280w, https:\/\/www.lilleliis.com\/wp-content\/uploads\/2019\/09\/arabella-and-bianka-768x768.jpg 768w, https:\/\/www.lilleliis.com\/wp-content\/uploads\/2019\/09\/arabella-and-bianka-800x800.jpg 800w, https:\/\/www.lilleliis.com\/wp-content\/uploads\/2019\/09\/arabella-and-bianka-510x510.jpg 510w, https:\/\/www.lilleliis.com\/wp-content\/uploads\/2019\/09\/arabella-and-bianka-100x100.jpg 100w, https:\/\/www.lilleliis.com\/wp-content\/uploads\/2019\/09\/arabella-and-bianka.jpg 1000w\" sizes=\"auto, (max-width: 400px) 100vw, 400px\" \/>                                                <\/div>\n            <\/div>\n            <div class=\"box-text text-center\" >\n                  <div class=\"box-text-inner\">\n                      <h6 class=\"uppercase portfolio-box-title\">Arabella ja Bianka<\/h6>\n                      <p class=\"uppercase portfolio-box-category is-xsmall op-6\">\n                        <span class=\"show-on-hover\">\n                         Raamat \"Imeline nukumaailm\"                        <\/span>\n                      <\/p>\n                  <\/div>\n            <\/div>\n           <\/div>\n           <\/a>\n           <\/div>\n           <\/div><div class=\"col\" data-terms=\"[&quot;Raamat \"Imeline nukumaailm\"&quot;]\" >\n          <div class=\"col-inner\" >\n          <a href=\"https:\/\/www.lilleliis.com\/et\/featured_item\/baleriin-katariina\/\" class=\"plain \">\n          <div class=\"portfolio-box box has-hover\">\n            <div class=\"box-image\" >\n                <div class=\"image-cover\" style=\"padding-top:100%;\">\n                <img loading=\"lazy\" decoding=\"async\" width=\"400\" height=\"400\" src=\"https:\/\/www.lilleliis.com\/wp-content\/uploads\/2019\/09\/katarina-the-ballerina-400x400.jpg\" class=\"attachment-medium size-medium\" alt=\"katarina the ballerina\" srcset=\"https:\/\/www.lilleliis.com\/wp-content\/uploads\/2019\/09\/katarina-the-ballerina-400x400.jpg 400w, https:\/\/www.lilleliis.com\/wp-content\/uploads\/2019\/09\/katarina-the-ballerina-280x280.jpg 280w, https:\/\/www.lilleliis.com\/wp-content\/uploads\/2019\/09\/katarina-the-ballerina-768x768.jpg 768w, https:\/\/www.lilleliis.com\/wp-content\/uploads\/2019\/09\/katarina-the-ballerina-800x800.jpg 800w, https:\/\/www.lilleliis.com\/wp-content\/uploads\/2019\/09\/katarina-the-ballerina-510x510.jpg 510w, https:\/\/www.lilleliis.com\/wp-content\/uploads\/2019\/09\/katarina-the-ballerina-100x100.jpg 100w, https:\/\/www.lilleliis.com\/wp-content\/uploads\/2019\/09\/katarina-the-ballerina.jpg 1000w\" sizes=\"auto, (max-width: 400px) 100vw, 400px\" \/>                                                <\/div>\n            <\/div>\n            <div class=\"box-text text-center\" >\n                  <div class=\"box-text-inner\">\n                      <h6 class=\"uppercase portfolio-box-title\">Baleriin Katariina<\/h6>\n                      <p class=\"uppercase portfolio-box-category is-xsmall op-6\">\n                        <span class=\"show-on-hover\">\n                         Raamat \"Imeline nukumaailm\"                        <\/span>\n                      <\/p>\n                  <\/div>\n            <\/div>\n           <\/div>\n           <\/a>\n           <\/div>\n           <\/div><div class=\"col\" data-terms=\"[&quot;Raamat \"Imeline nukumaailm\"&quot;]\" >\n          <div class=\"col-inner\" >\n          <a href=\"https:\/\/www.lilleliis.com\/et\/featured_item\/beebi-leo\/\" class=\"plain \">\n          <div class=\"portfolio-box box has-hover\">\n            <div class=\"box-image\" >\n                <div class=\"image-cover\" style=\"padding-top:100%;\">\n                <img loading=\"lazy\" decoding=\"async\" width=\"400\" height=\"400\" src=\"https:\/\/www.lilleliis.com\/wp-content\/uploads\/2019\/09\/baby-leo-400x400.jpg\" class=\"attachment-medium size-medium\" alt=\"baby leo\" srcset=\"https:\/\/www.lilleliis.com\/wp-content\/uploads\/2019\/09\/baby-leo-400x400.jpg 400w, https:\/\/www.lilleliis.com\/wp-content\/uploads\/2019\/09\/baby-leo-280x280.jpg 280w, https:\/\/www.lilleliis.com\/wp-content\/uploads\/2019\/09\/baby-leo-768x768.jpg 768w, https:\/\/www.lilleliis.com\/wp-content\/uploads\/2019\/09\/baby-leo-800x800.jpg 800w, https:\/\/www.lilleliis.com\/wp-content\/uploads\/2019\/09\/baby-leo-510x510.jpg 510w, https:\/\/www.lilleliis.com\/wp-content\/uploads\/2019\/09\/baby-leo-100x100.jpg 100w, https:\/\/www.lilleliis.com\/wp-content\/uploads\/2019\/09\/baby-leo.jpg 1000w\" sizes=\"auto, (max-width: 400px) 100vw, 400px\" \/>                                                <\/div>\n            <\/div>\n            <div class=\"box-text text-center\" >\n                  <div class=\"box-text-inner\">\n                      <h6 class=\"uppercase portfolio-box-title\">Beebi Leo<\/h6>\n                      <p class=\"uppercase portfolio-box-category is-xsmall op-6\">\n                        <span class=\"show-on-hover\">\n                         Raamat \"Imeline nukumaailm\"                        <\/span>\n                      <\/p>\n                  <\/div>\n            <\/div>\n           <\/div>\n           <\/a>\n           <\/div>\n           <\/div><div class=\"col\" data-terms=\"[&quot;Raamat \"Imeline nukumaailm\"&quot;]\" >\n          <div class=\"col-inner\" >\n          <a href=\"https:\/\/www.lilleliis.com\/et\/featured_item\/heasudamlik-lumemees\/\" class=\"plain \">\n          <div class=\"portfolio-box box has-hover\">\n            <div class=\"box-image\" >\n                <div class=\"image-cover\" style=\"padding-top:100%;\">\n                <img loading=\"lazy\" decoding=\"async\" width=\"400\" height=\"400\" src=\"https:\/\/www.lilleliis.com\/wp-content\/uploads\/2019\/09\/martin-the-light-hearted-snowman-400x400.jpg\" class=\"attachment-medium size-medium\" alt=\"martin the light-hearted snowman\" srcset=\"https:\/\/www.lilleliis.com\/wp-content\/uploads\/2019\/09\/martin-the-light-hearted-snowman-400x400.jpg 400w, https:\/\/www.lilleliis.com\/wp-content\/uploads\/2019\/09\/martin-the-light-hearted-snowman-280x280.jpg 280w, https:\/\/www.lilleliis.com\/wp-content\/uploads\/2019\/09\/martin-the-light-hearted-snowman-768x768.jpg 768w, https:\/\/www.lilleliis.com\/wp-content\/uploads\/2019\/09\/martin-the-light-hearted-snowman-800x800.jpg 800w, https:\/\/www.lilleliis.com\/wp-content\/uploads\/2019\/09\/martin-the-light-hearted-snowman-510x510.jpg 510w, https:\/\/www.lilleliis.com\/wp-content\/uploads\/2019\/09\/martin-the-light-hearted-snowman-100x100.jpg 100w, https:\/\/www.lilleliis.com\/wp-content\/uploads\/2019\/09\/martin-the-light-hearted-snowman.jpg 1000w\" sizes=\"auto, (max-width: 400px) 100vw, 400px\" \/>                                                <\/div>\n            <\/div>\n            <div class=\"box-text text-center\" >\n                  <div class=\"box-text-inner\">\n                      <h6 class=\"uppercase portfolio-box-title\">Heas\u00fcdamlik lumemees<\/h6>\n                      <p class=\"uppercase portfolio-box-category is-xsmall op-6\">\n                        <span class=\"show-on-hover\">\n                         Raamat \"Imeline nukumaailm\"                        <\/span>\n                      <\/p>\n                  <\/div>\n            <\/div>\n           <\/div>\n           <\/a>\n           <\/div>\n           <\/div><div class=\"col\" data-terms=\"[&quot;Raamat \"Imeline nukumaailm\"&quot;]\" >\n          <div class=\"col-inner\" >\n          <a href=\"https:\/\/www.lilleliis.com\/et\/featured_item\/kaltsunukk-anni\/\" class=\"plain \">\n          <div class=\"portfolio-box box has-hover\">\n            <div class=\"box-image\" >\n                <div class=\"image-cover\" style=\"padding-top:100%;\">\n                <img loading=\"lazy\" decoding=\"async\" width=\"400\" height=\"400\" src=\"https:\/\/www.lilleliis.com\/wp-content\/uploads\/2019\/09\/rag-doll-annie-400x400.jpg\" class=\"attachment-medium size-medium\" alt=\"rag doll annie\" srcset=\"https:\/\/www.lilleliis.com\/wp-content\/uploads\/2019\/09\/rag-doll-annie-400x400.jpg 400w, https:\/\/www.lilleliis.com\/wp-content\/uploads\/2019\/09\/rag-doll-annie-280x280.jpg 280w, https:\/\/www.lilleliis.com\/wp-content\/uploads\/2019\/09\/rag-doll-annie-768x768.jpg 768w, https:\/\/www.lilleliis.com\/wp-content\/uploads\/2019\/09\/rag-doll-annie-800x800.jpg 800w, https:\/\/www.lilleliis.com\/wp-content\/uploads\/2019\/09\/rag-doll-annie-510x510.jpg 510w, https:\/\/www.lilleliis.com\/wp-content\/uploads\/2019\/09\/rag-doll-annie-100x100.jpg 100w, https:\/\/www.lilleliis.com\/wp-content\/uploads\/2019\/09\/rag-doll-annie.jpg 1000w\" sizes=\"auto, (max-width: 400px) 100vw, 400px\" \/>                                                <\/div>\n            <\/div>\n            <div class=\"box-text text-center\" >\n                  <div class=\"box-text-inner\">\n                      <h6 class=\"uppercase portfolio-box-title\">Kaltsunukk Anni<\/h6>\n                      <p class=\"uppercase portfolio-box-category is-xsmall op-6\">\n                        <span class=\"show-on-hover\">\n                         Raamat \"Imeline nukumaailm\"                        <\/span>\n                      <\/p>\n                  <\/div>\n            <\/div>\n           <\/div>\n           <\/a>\n           <\/div>\n           <\/div><div class=\"col\" data-terms=\"[&quot;Raamat \"Imeline nukumaailm\"&quot;]\" >\n          <div class=\"col-inner\" >\n          <a href=\"https:\/\/www.lilleliis.com\/et\/featured_item\/konnake\/\" class=\"plain \">\n          <div class=\"portfolio-box box has-hover\">\n            <div class=\"box-image\" >\n                <div class=\"image-cover\" style=\"padding-top:100%;\">\n                <img loading=\"lazy\" decoding=\"async\" width=\"400\" height=\"400\" src=\"https:\/\/www.lilleliis.com\/wp-content\/uploads\/2019\/09\/froggy-400x400.jpg\" class=\"attachment-medium size-medium\" alt=\"froggy\" srcset=\"https:\/\/www.lilleliis.com\/wp-content\/uploads\/2019\/09\/froggy-400x400.jpg 400w, https:\/\/www.lilleliis.com\/wp-content\/uploads\/2019\/09\/froggy-280x280.jpg 280w, https:\/\/www.lilleliis.com\/wp-content\/uploads\/2019\/09\/froggy-768x768.jpg 768w, https:\/\/www.lilleliis.com\/wp-content\/uploads\/2019\/09\/froggy-800x800.jpg 800w, https:\/\/www.lilleliis.com\/wp-content\/uploads\/2019\/09\/froggy-510x510.jpg 510w, https:\/\/www.lilleliis.com\/wp-content\/uploads\/2019\/09\/froggy-100x100.jpg 100w, https:\/\/www.lilleliis.com\/wp-content\/uploads\/2019\/09\/froggy.jpg 1000w\" sizes=\"auto, (max-width: 400px) 100vw, 400px\" \/>                                                <\/div>\n            <\/div>\n            <div class=\"box-text text-center\" >\n                  <div class=\"box-text-inner\">\n                      <h6 class=\"uppercase portfolio-box-title\">Konnake<\/h6>\n                      <p class=\"uppercase portfolio-box-category is-xsmall op-6\">\n                        <span class=\"show-on-hover\">\n                         Raamat \"Imeline nukumaailm\"                        <\/span>\n                      <\/p>\n                  <\/div>\n            <\/div>\n           <\/div>\n           <\/a>\n           <\/div>\n           <\/div><div class=\"col\" data-terms=\"[&quot;Raamat \"Imeline nukumaailm\"&quot;]\" >\n          <div class=\"col-inner\" >\n          <a href=\"https:\/\/www.lilleliis.com\/et\/featured_item\/lahke-ella\/\" class=\"plain \">\n          <div class=\"portfolio-box box has-hover\">\n            <div class=\"box-image\" >\n                <div class=\"image-cover\" style=\"padding-top:100%;\">\n                <img loading=\"lazy\" decoding=\"async\" width=\"400\" height=\"400\" src=\"https:\/\/www.lilleliis.com\/wp-content\/uploads\/2019\/09\/little-ella-400x400.jpg\" class=\"attachment-medium size-medium\" alt=\"little ella\" srcset=\"https:\/\/www.lilleliis.com\/wp-content\/uploads\/2019\/09\/little-ella-400x400.jpg 400w, https:\/\/www.lilleliis.com\/wp-content\/uploads\/2019\/09\/little-ella-280x280.jpg 280w, https:\/\/www.lilleliis.com\/wp-content\/uploads\/2019\/09\/little-ella-768x768.jpg 768w, https:\/\/www.lilleliis.com\/wp-content\/uploads\/2019\/09\/little-ella-800x800.jpg 800w, https:\/\/www.lilleliis.com\/wp-content\/uploads\/2019\/09\/little-ella-510x510.jpg 510w, https:\/\/www.lilleliis.com\/wp-content\/uploads\/2019\/09\/little-ella-100x100.jpg 100w, https:\/\/www.lilleliis.com\/wp-content\/uploads\/2019\/09\/little-ella.jpg 1000w\" sizes=\"auto, (max-width: 400px) 100vw, 400px\" \/>                                                <\/div>\n            <\/div>\n            <div class=\"box-text text-center\" >\n                  <div class=\"box-text-inner\">\n                      <h6 class=\"uppercase portfolio-box-title\">Lahke Ella<\/h6>\n                      <p class=\"uppercase portfolio-box-category is-xsmall op-6\">\n                        <span class=\"show-on-hover\">\n                         Raamat \"Imeline nukumaailm\"                        <\/span>\n                      <\/p>\n                  <\/div>\n            <\/div>\n           <\/div>\n           <\/a>\n           <\/div>\n           <\/div><div class=\"col\" data-terms=\"[&quot;Raamat \"Imeline nukumaailm\"&quot;]\" >\n          <div class=\"col-inner\" >\n          <a href=\"https:\/\/www.lilleliis.com\/et\/featured_item\/naljanina-pakapikk\/\" class=\"plain \">\n          <div class=\"portfolio-box box has-hover\">\n            <div class=\"box-image\" >\n                <div class=\"image-cover\" style=\"padding-top:100%;\">\n                <img loading=\"lazy\" decoding=\"async\" width=\"400\" height=\"400\" src=\"https:\/\/www.lilleliis.com\/wp-content\/uploads\/2019\/09\/jester-the-christmas-gnome-400x400.jpg\" class=\"attachment-medium size-medium\" alt=\"jester the christmas gnome\" srcset=\"https:\/\/www.lilleliis.com\/wp-content\/uploads\/2019\/09\/jester-the-christmas-gnome-400x400.jpg 400w, https:\/\/www.lilleliis.com\/wp-content\/uploads\/2019\/09\/jester-the-christmas-gnome-280x280.jpg 280w, https:\/\/www.lilleliis.com\/wp-content\/uploads\/2019\/09\/jester-the-christmas-gnome-768x768.jpg 768w, https:\/\/www.lilleliis.com\/wp-content\/uploads\/2019\/09\/jester-the-christmas-gnome-800x800.jpg 800w, https:\/\/www.lilleliis.com\/wp-content\/uploads\/2019\/09\/jester-the-christmas-gnome-510x510.jpg 510w, https:\/\/www.lilleliis.com\/wp-content\/uploads\/2019\/09\/jester-the-christmas-gnome-100x100.jpg 100w, https:\/\/www.lilleliis.com\/wp-content\/uploads\/2019\/09\/jester-the-christmas-gnome.jpg 1000w\" sizes=\"auto, (max-width: 400px) 100vw, 400px\" \/>                                                <\/div>\n            <\/div>\n            <div class=\"box-text text-center\" >\n                  <div class=\"box-text-inner\">\n                      <h6 class=\"uppercase portfolio-box-title\">Naljanina p\u00e4kapikk<\/h6>\n                      <p class=\"uppercase portfolio-box-category is-xsmall op-6\">\n                        <span class=\"show-on-hover\">\n                         Raamat \"Imeline nukumaailm\"                        <\/span>\n                      <\/p>\n                  <\/div>\n            <\/div>\n           <\/div>\n           <\/a>\n           <\/div>\n           <\/div><div class=\"col\" data-terms=\"[&quot;Raamat \"Imeline nukumaailm\"&quot;]\" >\n          <div class=\"col-inner\" >\n          <a href=\"https:\/\/www.lilleliis.com\/et\/featured_item\/sebastian\/\" class=\"plain \">\n          <div class=\"portfolio-box box has-hover\">\n            <div class=\"box-image\" >\n                <div class=\"image-cover\" style=\"padding-top:100%;\">\n                <img loading=\"lazy\" decoding=\"async\" width=\"400\" height=\"400\" src=\"https:\/\/www.lilleliis.com\/wp-content\/uploads\/2019\/09\/sebastian-400x400.jpg\" class=\"attachment-medium size-medium\" alt=\"sebastian\" srcset=\"https:\/\/www.lilleliis.com\/wp-content\/uploads\/2019\/09\/sebastian-400x400.jpg 400w, https:\/\/www.lilleliis.com\/wp-content\/uploads\/2019\/09\/sebastian-280x280.jpg 280w, https:\/\/www.lilleliis.com\/wp-content\/uploads\/2019\/09\/sebastian-768x768.jpg 768w, https:\/\/www.lilleliis.com\/wp-content\/uploads\/2019\/09\/sebastian-800x800.jpg 800w, https:\/\/www.lilleliis.com\/wp-content\/uploads\/2019\/09\/sebastian-510x510.jpg 510w, https:\/\/www.lilleliis.com\/wp-content\/uploads\/2019\/09\/sebastian-100x100.jpg 100w, https:\/\/www.lilleliis.com\/wp-content\/uploads\/2019\/09\/sebastian.jpg 1000w\" sizes=\"auto, (max-width: 400px) 100vw, 400px\" \/>                                                <\/div>\n            <\/div>\n            <div class=\"box-text text-center\" >\n                  <div class=\"box-text-inner\">\n                      <h6 class=\"uppercase portfolio-box-title\">Sebastian<\/h6>\n                      <p class=\"uppercase portfolio-box-category is-xsmall op-6\">\n                        <span class=\"show-on-hover\">\n                         Raamat \"Imeline nukumaailm\"                        <\/span>\n                      <\/p>\n                  <\/div>\n            <\/div>\n           <\/div>\n           <\/a>\n           <\/div>\n           <\/div><div class=\"col\" data-terms=\"[&quot;Raamat \"Imeline nukumaailm\"&quot;]\" >\n          <div class=\"col-inner\" >\n          <a href=\"https:\/\/www.lilleliis.com\/et\/featured_item\/troll-ronja\/\" class=\"plain \">\n          <div class=\"portfolio-box box has-hover\">\n            <div class=\"box-image\" >\n                <div class=\"image-cover\" style=\"padding-top:100%;\">\n                <img loading=\"lazy\" decoding=\"async\" width=\"400\" height=\"400\" src=\"https:\/\/www.lilleliis.com\/wp-content\/uploads\/2019\/09\/ronja-the-troll-400x400.jpg\" class=\"attachment-medium size-medium\" alt=\"ronja the troll\" srcset=\"https:\/\/www.lilleliis.com\/wp-content\/uploads\/2019\/09\/ronja-the-troll-400x400.jpg 400w, https:\/\/www.lilleliis.com\/wp-content\/uploads\/2019\/09\/ronja-the-troll-280x280.jpg 280w, https:\/\/www.lilleliis.com\/wp-content\/uploads\/2019\/09\/ronja-the-troll-768x768.jpg 768w, https:\/\/www.lilleliis.com\/wp-content\/uploads\/2019\/09\/ronja-the-troll-800x800.jpg 800w, https:\/\/www.lilleliis.com\/wp-content\/uploads\/2019\/09\/ronja-the-troll-510x510.jpg 510w, https:\/\/www.lilleliis.com\/wp-content\/uploads\/2019\/09\/ronja-the-troll-100x100.jpg 100w, https:\/\/www.lilleliis.com\/wp-content\/uploads\/2019\/09\/ronja-the-troll.jpg 1000w\" sizes=\"auto, (max-width: 400px) 100vw, 400px\" \/>                                                <\/div>\n            <\/div>\n            <div class=\"box-text text-center\" >\n                  <div class=\"box-text-inner\">\n                      <h6 class=\"uppercase portfolio-box-title\">Troll Ronja<\/h6>\n                      <p class=\"uppercase portfolio-box-category is-xsmall op-6\">\n                        <span class=\"show-on-hover\">\n                         Raamat \"Imeline nukumaailm\"                        <\/span>\n                      <\/p>\n                  <\/div>\n            <\/div>\n           <\/div>\n           <\/a>\n           <\/div>\n           <\/div><div class=\"col\" data-terms=\"[&quot;Raamat \"Imeline nukumaailm\"&quot;]\" >\n          <div class=\"col-inner\" >\n          <a href=\"https:\/\/www.lilleliis.com\/et\/featured_item\/unine-mesimumm\/\" class=\"plain \">\n          <div class=\"portfolio-box box has-hover\">\n            <div class=\"box-image\" >\n                <div class=\"image-cover\" style=\"padding-top:100%;\">\n                <img loading=\"lazy\" decoding=\"async\" width=\"400\" height=\"400\" src=\"https:\/\/www.lilleliis.com\/wp-content\/uploads\/2019\/09\/baby-bumblebee-400x400.jpg\" class=\"attachment-medium size-medium\" alt=\"baby bumblebee\" srcset=\"https:\/\/www.lilleliis.com\/wp-content\/uploads\/2019\/09\/baby-bumblebee-400x400.jpg 400w, https:\/\/www.lilleliis.com\/wp-content\/uploads\/2019\/09\/baby-bumblebee-280x280.jpg 280w, https:\/\/www.lilleliis.com\/wp-content\/uploads\/2019\/09\/baby-bumblebee-768x768.jpg 768w, https:\/\/www.lilleliis.com\/wp-content\/uploads\/2019\/09\/baby-bumblebee-800x800.jpg 800w, https:\/\/www.lilleliis.com\/wp-content\/uploads\/2019\/09\/baby-bumblebee-510x510.jpg 510w, https:\/\/www.lilleliis.com\/wp-content\/uploads\/2019\/09\/baby-bumblebee-100x100.jpg 100w, https:\/\/www.lilleliis.com\/wp-content\/uploads\/2019\/09\/baby-bumblebee.jpg 1000w\" sizes=\"auto, (max-width: 400px) 100vw, 400px\" \/>                                                <\/div>\n            <\/div>\n            <div class=\"box-text text-center\" >\n                  <div class=\"box-text-inner\">\n                      <h6 class=\"uppercase portfolio-box-title\">Unine mesimumm<\/h6>\n                      <p class=\"uppercase portfolio-box-category is-xsmall op-6\">\n                        <span class=\"show-on-hover\">\n                         Raamat \"Imeline nukumaailm\"                        <\/span>\n                      <\/p>\n                  <\/div>\n            <\/div>\n           <\/div>\n           <\/a>\n           <\/div>\n           <\/div><div class=\"col\" data-terms=\"[&quot;Raamat \"Imeline nukumaailm\"&quot;]\" >\n          <div class=\"col-inner\" >\n          <a href=\"https:\/\/www.lilleliis.com\/et\/featured_item\/vagev-robot\/\" class=\"plain \">\n          <div class=\"portfolio-box box has-hover\">\n            <div class=\"box-image\" >\n                <div class=\"image-cover\" style=\"padding-top:100%;\">\n                <img loading=\"lazy\" decoding=\"async\" width=\"400\" height=\"400\" src=\"https:\/\/www.lilleliis.com\/wp-content\/uploads\/2019\/09\/mighty-robot-400x400.jpg\" class=\"attachment-medium size-medium\" alt=\"mighty robot\" srcset=\"https:\/\/www.lilleliis.com\/wp-content\/uploads\/2019\/09\/mighty-robot-400x400.jpg 400w, https:\/\/www.lilleliis.com\/wp-content\/uploads\/2019\/09\/mighty-robot-280x280.jpg 280w, https:\/\/www.lilleliis.com\/wp-content\/uploads\/2019\/09\/mighty-robot-768x768.jpg 768w, https:\/\/www.lilleliis.com\/wp-content\/uploads\/2019\/09\/mighty-robot-800x800.jpg 800w, https:\/\/www.lilleliis.com\/wp-content\/uploads\/2019\/09\/mighty-robot-510x510.jpg 510w, https:\/\/www.lilleliis.com\/wp-content\/uploads\/2019\/09\/mighty-robot-100x100.jpg 100w, https:\/\/www.lilleliis.com\/wp-content\/uploads\/2019\/09\/mighty-robot.jpg 1000w\" sizes=\"auto, (max-width: 400px) 100vw, 400px\" \/>                                                <\/div>\n            <\/div>\n            <div class=\"box-text text-center\" >\n                  <div class=\"box-text-inner\">\n                      <h6 class=\"uppercase portfolio-box-title\">V\u00e4gev robot<\/h6>\n                      <p class=\"uppercase portfolio-box-category is-xsmall op-6\">\n                        <span class=\"show-on-hover\">\n                         Raamat \"Imeline nukumaailm\"                        <\/span>\n                      <\/p>\n                  <\/div>\n            <\/div>\n           <\/div>\n           <\/a>\n           <\/div>\n           <\/div><div class=\"col\" data-terms=\"[&quot;Raamat \"Imeline nukumaailm\"&quot;]\" >\n          <div class=\"col-inner\" >\n          <a href=\"https:\/\/www.lilleliis.com\/et\/featured_item\/vaike-ingel\/\" class=\"plain \">\n          <div class=\"portfolio-box box has-hover\">\n            <div class=\"box-image\" >\n                <div class=\"image-cover\" style=\"padding-top:100%;\">\n                <img loading=\"lazy\" decoding=\"async\" width=\"400\" height=\"400\" src=\"https:\/\/www.lilleliis.com\/wp-content\/uploads\/2019\/09\/little-angel-doll-400x400.jpg\" class=\"attachment-medium size-medium\" alt=\"angel doll\" srcset=\"https:\/\/www.lilleliis.com\/wp-content\/uploads\/2019\/09\/little-angel-doll-400x400.jpg 400w, https:\/\/www.lilleliis.com\/wp-content\/uploads\/2019\/09\/little-angel-doll-280x280.jpg 280w, https:\/\/www.lilleliis.com\/wp-content\/uploads\/2019\/09\/little-angel-doll-768x768.jpg 768w, https:\/\/www.lilleliis.com\/wp-content\/uploads\/2019\/09\/little-angel-doll-800x800.jpg 800w, https:\/\/www.lilleliis.com\/wp-content\/uploads\/2019\/09\/little-angel-doll-510x510.jpg 510w, https:\/\/www.lilleliis.com\/wp-content\/uploads\/2019\/09\/little-angel-doll-100x100.jpg 100w, https:\/\/www.lilleliis.com\/wp-content\/uploads\/2019\/09\/little-angel-doll.jpg 1000w\" sizes=\"auto, (max-width: 400px) 100vw, 400px\" \/>                                                <\/div>\n            <\/div>\n            <div class=\"box-text text-center\" >\n                  <div class=\"box-text-inner\">\n                      <h6 class=\"uppercase portfolio-box-title\">V\u00e4ike ingel<\/h6>\n                      <p class=\"uppercase portfolio-box-category is-xsmall op-6\">\n                        <span class=\"show-on-hover\">\n                         Raamat \"Imeline nukumaailm\"                        <\/span>\n                      <\/p>\n                  <\/div>\n            <\/div>\n           <\/div>\n           <\/a>\n           <\/div>\n           <\/div><div class=\"col\" data-terms=\"[&quot;Raamat \"Imeline nukumaailm\"&quot;]\" >\n          <div class=\"col-inner\" >\n          <a href=\"https:\/\/www.lilleliis.com\/et\/featured_item\/vapper-sodurpoiss-jakob\/\" class=\"plain \">\n          <div class=\"portfolio-box box has-hover\">\n            <div class=\"box-image\" >\n                <div class=\"image-cover\" style=\"padding-top:100%;\">\n                <img loading=\"lazy\" decoding=\"async\" width=\"400\" height=\"400\" src=\"https:\/\/www.lilleliis.com\/wp-content\/uploads\/2019\/09\/jakob-the-brave-soldier-400x400.jpg\" class=\"attachment-medium size-medium\" alt=\"jakob the brave soldier\" srcset=\"https:\/\/www.lilleliis.com\/wp-content\/uploads\/2019\/09\/jakob-the-brave-soldier-400x400.jpg 400w, https:\/\/www.lilleliis.com\/wp-content\/uploads\/2019\/09\/jakob-the-brave-soldier-280x280.jpg 280w, https:\/\/www.lilleliis.com\/wp-content\/uploads\/2019\/09\/jakob-the-brave-soldier-768x768.jpg 768w, https:\/\/www.lilleliis.com\/wp-content\/uploads\/2019\/09\/jakob-the-brave-soldier-800x800.jpg 800w, https:\/\/www.lilleliis.com\/wp-content\/uploads\/2019\/09\/jakob-the-brave-soldier-510x510.jpg 510w, https:\/\/www.lilleliis.com\/wp-content\/uploads\/2019\/09\/jakob-the-brave-soldier-100x100.jpg 100w, https:\/\/www.lilleliis.com\/wp-content\/uploads\/2019\/09\/jakob-the-brave-soldier.jpg 1000w\" sizes=\"auto, (max-width: 400px) 100vw, 400px\" \/>                                                <\/div>\n            <\/div>\n            <div class=\"box-text text-center\" >\n                  <div class=\"box-text-inner\">\n                      <h6 class=\"uppercase portfolio-box-title\">Vapper s\u00f5durpoiss Jakob<\/h6>\n                      <p class=\"uppercase portfolio-box-category is-xsmall op-6\">\n                        <span class=\"show-on-hover\">\n                         Raamat \"Imeline nukumaailm\"                        <\/span>\n                      <\/p>\n                  <\/div>\n            <\/div>\n           <\/div>\n           <\/a>\n           <\/div>\n           <\/div><\/div><\/div>\n","protected":false},"excerpt":{"rendered":"<p>TUTVU RAAMATU TEGELASTEGA<\/p>\n","protected":false},"author":3,"featured_media":0,"parent":35127,"menu_order":0,"comment_status":"closed","ping_status":"closed","template":"","meta":{"footnotes":""},"class_list":["post-95005","page","type-page","status-publish","hentry"],"yoast_head":"<!-- This site is optimized with the Yoast SEO plugin v27.3 - https:\/\/yoast.com\/product\/yoast-seo-wordpress\/ -->\n<title>Imeline nukumaailm | lilleliis<\/title>\n<meta name=\"description\" content=\"Imeline nukumaailm on lilleliisi kolmas amigurumi mustrite raamat, mis on keskendunud erinevate nukkude \u00f5petustele.\" \/>\n<meta name=\"robots\" content=\"index, follow, max-snippet:-1, max-image-preview:large, max-video-preview:-1\" \/>\n<link rel=\"canonical\" href=\"https:\/\/www.lilleliis.com\/et\/kasitooraamatud\/imeline-nukumaailm\/\" \/>\n<meta property=\"og:locale\" content=\"et_EE\" \/>\n<meta property=\"og:type\" content=\"article\" \/>\n<meta property=\"og:title\" content=\"Imeline nukumaailm | lilleliis\" \/>\n<meta property=\"og:description\" content=\"Imeline nukumaailm on lilleliisi kolmas amigurumi mustrite raamat, mis on keskendunud erinevate nukkude \u00f5petustele.\" \/>\n<meta property=\"og:url\" content=\"https:\/\/www.lilleliis.com\/et\/kasitooraamatud\/imeline-nukumaailm\/\" \/>\n<meta property=\"og:site_name\" content=\"lilleliis\" \/>\n<meta property=\"article:publisher\" content=\"https:\/\/www.facebook.com\/lilleliis-283266335035799\/\" \/>\n<meta property=\"article:modified_time\" content=\"2025-10-03T09:36:35+00:00\" \/>\n<meta name=\"twitter:card\" content=\"summary_large_image\" \/>\n<meta name=\"twitter:label1\" content=\"Est. reading time\" \/>\n\t<meta name=\"twitter:data1\" content=\"1 minute\" \/>\n<script type=\"application\/ld+json\" class=\"yoast-schema-graph\">{\"@context\":\"https:\\\/\\\/schema.org\",\"@graph\":[{\"@type\":\"WebPage\",\"@id\":\"https:\\\/\\\/www.lilleliis.com\\\/et\\\/kasitooraamatud\\\/imeline-nukumaailm\\\/\",\"url\":\"https:\\\/\\\/www.lilleliis.com\\\/et\\\/kasitooraamatud\\\/imeline-nukumaailm\\\/\",\"name\":\"Imeline nukumaailm | lilleliis\",\"isPartOf\":{\"@id\":\"https:\\\/\\\/www.lilleliis.com\\\/et\\\/#website\"},\"datePublished\":\"2024-06-05T12:37:51+00:00\",\"dateModified\":\"2025-10-03T09:36:35+00:00\",\"description\":\"Imeline nukumaailm on lilleliisi kolmas amigurumi mustrite raamat, mis on keskendunud erinevate nukkude \u00f5petustele.\",\"breadcrumb\":{\"@id\":\"https:\\\/\\\/www.lilleliis.com\\\/et\\\/kasitooraamatud\\\/imeline-nukumaailm\\\/#breadcrumb\"},\"inLanguage\":\"et\",\"potentialAction\":[{\"@type\":\"ReadAction\",\"target\":[\"https:\\\/\\\/www.lilleliis.com\\\/et\\\/kasitooraamatud\\\/imeline-nukumaailm\\\/\"]}]},{\"@type\":\"BreadcrumbList\",\"@id\":\"https:\\\/\\\/www.lilleliis.com\\\/et\\\/kasitooraamatud\\\/imeline-nukumaailm\\\/#breadcrumb\",\"itemListElement\":[{\"@type\":\"ListItem\",\"position\":1,\"name\":\"Home\",\"item\":\"https:\\\/\\\/www.lilleliis.com\\\/et\\\/\"},{\"@type\":\"ListItem\",\"position\":2,\"name\":\"Raamatud\",\"item\":\"https:\\\/\\\/www.lilleliis.com\\\/et\\\/kasitooraamatud\\\/\"},{\"@type\":\"ListItem\",\"position\":3,\"name\":\"Imeline nukumaailm\"}]},{\"@type\":\"WebSite\",\"@id\":\"https:\\\/\\\/www.lilleliis.com\\\/et\\\/#website\",\"url\":\"https:\\\/\\\/www.lilleliis.com\\\/et\\\/\",\"name\":\"lilleliis\",\"description\":\"Amigurumi m\u00e4nguasjad ja mustrid\",\"potentialAction\":[{\"@type\":\"SearchAction\",\"target\":{\"@type\":\"EntryPoint\",\"urlTemplate\":\"https:\\\/\\\/www.lilleliis.com\\\/et\\\/?s={search_term_string}\"},\"query-input\":{\"@type\":\"PropertyValueSpecification\",\"valueRequired\":true,\"valueName\":\"search_term_string\"}}],\"inLanguage\":\"et\"}]}<\/script>\n<!-- \/ Yoast SEO plugin. -->","yoast_head_json":{"title":"Imeline nukumaailm | lilleliis","description":"Imeline nukumaailm on lilleliisi kolmas amigurumi mustrite raamat, mis on keskendunud erinevate nukkude \u00f5petustele.","robots":{"index":"index","follow":"follow","max-snippet":"max-snippet:-1","max-image-preview":"max-image-preview:large","max-video-preview":"max-video-preview:-1"},"canonical":"https:\/\/www.lilleliis.com\/et\/kasitooraamatud\/imeline-nukumaailm\/","og_locale":"et_EE","og_type":"article","og_title":"Imeline nukumaailm | lilleliis","og_description":"Imeline nukumaailm on lilleliisi kolmas amigurumi mustrite raamat, mis on keskendunud erinevate nukkude \u00f5petustele.","og_url":"https:\/\/www.lilleliis.com\/et\/kasitooraamatud\/imeline-nukumaailm\/","og_site_name":"lilleliis","article_publisher":"https:\/\/www.facebook.com\/lilleliis-283266335035799\/","article_modified_time":"2025-10-03T09:36:35+00:00","twitter_card":"summary_large_image","twitter_misc":{"Est. reading time":"1 minute"},"schema":{"@context":"https:\/\/schema.org","@graph":[{"@type":"WebPage","@id":"https:\/\/www.lilleliis.com\/et\/kasitooraamatud\/imeline-nukumaailm\/","url":"https:\/\/www.lilleliis.com\/et\/kasitooraamatud\/imeline-nukumaailm\/","name":"Imeline nukumaailm | lilleliis","isPartOf":{"@id":"https:\/\/www.lilleliis.com\/et\/#website"},"datePublished":"2024-06-05T12:37:51+00:00","dateModified":"2025-10-03T09:36:35+00:00","description":"Imeline nukumaailm on lilleliisi kolmas amigurumi mustrite raamat, mis on keskendunud erinevate nukkude \u00f5petustele.","breadcrumb":{"@id":"https:\/\/www.lilleliis.com\/et\/kasitooraamatud\/imeline-nukumaailm\/#breadcrumb"},"inLanguage":"et","potentialAction":[{"@type":"ReadAction","target":["https:\/\/www.lilleliis.com\/et\/kasitooraamatud\/imeline-nukumaailm\/"]}]},{"@type":"BreadcrumbList","@id":"https:\/\/www.lilleliis.com\/et\/kasitooraamatud\/imeline-nukumaailm\/#breadcrumb","itemListElement":[{"@type":"ListItem","position":1,"name":"Home","item":"https:\/\/www.lilleliis.com\/et\/"},{"@type":"ListItem","position":2,"name":"Raamatud","item":"https:\/\/www.lilleliis.com\/et\/kasitooraamatud\/"},{"@type":"ListItem","position":3,"name":"Imeline nukumaailm"}]},{"@type":"WebSite","@id":"https:\/\/www.lilleliis.com\/et\/#website","url":"https:\/\/www.lilleliis.com\/et\/","name":"lilleliis","description":"Amigurumi m\u00e4nguasjad ja mustrid","potentialAction":[{"@type":"SearchAction","target":{"@type":"EntryPoint","urlTemplate":"https:\/\/www.lilleliis.com\/et\/?s={search_term_string}"},"query-input":{"@type":"PropertyValueSpecification","valueRequired":true,"valueName":"search_term_string"}}],"inLanguage":"et"}]}},"_links":{"self":[{"href":"https:\/\/www.lilleliis.com\/et\/wp-json\/wp\/v2\/pages\/95005","targetHints":{"allow":["GET"]}}],"collection":[{"href":"https:\/\/www.lilleliis.com\/et\/wp-json\/wp\/v2\/pages"}],"about":[{"href":"https:\/\/www.lilleliis.com\/et\/wp-json\/wp\/v2\/types\/page"}],"author":[{"embeddable":true,"href":"https:\/\/www.lilleliis.com\/et\/wp-json\/wp\/v2\/users\/3"}],"replies":[{"embeddable":true,"href":"https:\/\/www.lilleliis.com\/et\/wp-json\/wp\/v2\/comments?post=95005"}],"version-history":[{"count":30,"href":"https:\/\/www.lilleliis.com\/et\/wp-json\/wp\/v2\/pages\/95005\/revisions"}],"predecessor-version":[{"id":102339,"href":"https:\/\/www.lilleliis.com\/et\/wp-json\/wp\/v2\/pages\/95005\/revisions\/102339"}],"up":[{"embeddable":true,"href":"https:\/\/www.lilleliis.com\/et\/wp-json\/wp\/v2\/pages\/35127"}],"wp:attachment":[{"href":"https:\/\/www.lilleliis.com\/et\/wp-json\/wp\/v2\/media?parent=95005"}],"curies":[{"name":"wp","href":"https:\/\/api.w.org\/{rel}","templated":true}]}}